{"version":"1.0","provider_name":"LocoXelRojo.com | Club Atl\u00e9tico Independiente","provider_url":"https:\/\/www.locoxelrojo.com\/independiente","title":"Primera pr\u00e1ctica de Lucas Villaf\u00e1\u00f1ez  - LocoXelRojo.com | Club Atl\u00e9tico Independiente","type":"rich","width":600,"height":338,"html":"<blockquote class=\"wp-embedded-content\" data-secret=\"qdaLP1vyPn\"><a href=\"https:\/\/www.locoxelrojo.com\/independiente\/2010\/08\/17\/primera-practica-de-villafanez\/\">Primera pr\u00e1ctica de Lucas Villaf\u00e1\u00f1ez<\/a><\/blockquote><iframe sandbox=\"allow-scripts\" security=\"restricted\" src=\"https:\/\/www.locoxelrojo.com\/independiente\/2010\/08\/17\/primera-practica-de-villafanez\/embed\/#?secret=qdaLP1vyPn\" width=\"600\" height=\"338\" title=\"&#8220;Primera pr\u00e1ctica de Lucas Villaf\u00e1\u00f1ez&#8221; &#8212; LocoXelRojo.com | Club Atl\u00e9tico Independiente\" data-secret=\"qdaLP1vyPn\" frameborder=\"0\" marginwidth=\"0\" marginheight=\"0\" scrolling=\"no\" class=\"wp-embedded-content\"><\/iframe><script type=\"text\/javascript\">\n\/*! This file is auto-generated *\/\n!function(c,d){\"use strict\";var e=!1,o=!1;if(d.querySelector)if(c.addEventListener)e=!0;if(c.wp=c.wp||{},c.wp.receiveEmbedMessage);else if(c.wp.receiveEmbedMessage=function(e){var t=e.data;if(!t);else if(!(t.secret||t.message||t.value));else if(\/[^a-zA-Z0-9]\/.test(t.secret));else{for(var r,s,a,i=d.querySelectorAll('iframe[data-secret=\"'+t.secret+'\"]'),n=d.querySelectorAll('blockquote[data-secret=\"'+t.secret+'\"]'),o=new RegExp(\"^https?:$\",\"i\"),l=0;l<n.length;l++)n[l].style.display=\"none\";for(l=0;l<i.length;l++)if(r=i[l],e.source!==r.contentWindow);else{if(r.removeAttribute(\"style\"),\"height\"===t.message){if(1e3<(s=parseInt(t.value,10)))s=1e3;else if(~~s<200)s=200;r.height=s}if(\"link\"===t.message)if(s=d.createElement(\"a\"),a=d.createElement(\"a\"),s.href=r.getAttribute(\"src\"),a.href=t.value,!o.test(a.protocol));else if(a.host===s.host)if(d.activeElement===r)c.top.location.href=t.value}}},e)c.addEventListener(\"message\",c.wp.receiveEmbedMessage,!1),d.addEventListener(\"DOMContentLoaded\",t,!1),c.addEventListener(\"load\",t,!1);function t(){if(o);else{o=!0;for(var e,t,r,s=-1!==navigator.appVersion.indexOf(\"MSIE 10\"),a=!!navigator.userAgent.match(\/Trident.*rv:11\\.\/),i=d.querySelectorAll(\"iframe.wp-embedded-content\"),n=0;n<i.length;n++){if(!(r=(t=i[n]).getAttribute(\"data-secret\")))r=Math.random().toString(36).substr(2,10),t.src+=\"#?secret=\"+r,t.setAttribute(\"data-secret\",r);if(s||a)(e=t.cloneNode(!0)).removeAttribute(\"security\"),t.parentNode.replaceChild(e,t);t.contentWindow.postMessage({message:\"ready\",secret:r},\"*\")}}}}(window,document);\n<\/script>\n","description":"El volante ofensivo, Lucas Mart\u00edn Villaf\u00e1\u00f1ez, quien lleg\u00f3 a pr\u00e9stamo y con una opci\u00f3n de compra de US$500.000, realiz\u00f3 hoy martes su primer entrenamiento con el plantel profesional en el predio de Villa Dominico. Villafa\u00f1ez es un volante ofensivo, derecho, de buen pie que suele moverse como enganche aunque tambi\u00e9n puede jugar como delantero, sin [&hellip;]","thumbnail_url":"http:\/\/www.locoxelrojo.com.ar\/independiente\/wp-content\/uploads\/2010\/08\/villafa2.jpg"}