{"version":"1.0","provider_name":"LocoXelRojo.com | Club Atl\u00e9tico Independiente","provider_url":"https:\/\/www.locoxelrojo.com\/independiente","title":"Maldonado: \"Hugo Moyano va por la reelecci\u00f3n\" - LocoXelRojo.com | Club Atl\u00e9tico Independiente","type":"rich","width":600,"height":338,"html":"<blockquote class=\"wp-embedded-content\" data-secret=\"4F7jF5z307\"><a href=\"https:\/\/www.locoxelrojo.com\/independiente\/2017\/01\/23\/maldonado-hugo-moyano-va-la-reeleccion\/\">Maldonado: &#8220;Hugo Moyano va por la reelecci\u00f3n&#8221;<\/a><\/blockquote><iframe sandbox=\"allow-scripts\" security=\"restricted\" src=\"https:\/\/www.locoxelrojo.com\/independiente\/2017\/01\/23\/maldonado-hugo-moyano-va-la-reeleccion\/embed\/#?secret=4F7jF5z307\" width=\"600\" height=\"338\" title=\"&#8220;Maldonado: &#8220;Hugo Moyano va por la reelecci\u00f3n&#8221;&#8221; &#8212; LocoXelRojo.com | Club Atl\u00e9tico Independiente\" data-secret=\"4F7jF5z307\" frameborder=\"0\" marginwidth=\"0\" marginheight=\"0\" scrolling=\"no\" class=\"wp-embedded-content\"><\/iframe><script type=\"text\/javascript\">\n\/*! This file is auto-generated *\/\n!function(c,d){\"use strict\";var e=!1,o=!1;if(d.querySelector)if(c.addEventListener)e=!0;if(c.wp=c.wp||{},c.wp.receiveEmbedMessage);else if(c.wp.receiveEmbedMessage=function(e){var t=e.data;if(!t);else if(!(t.secret||t.message||t.value));else if(\/[^a-zA-Z0-9]\/.test(t.secret));else{for(var r,s,a,i=d.querySelectorAll('iframe[data-secret=\"'+t.secret+'\"]'),n=d.querySelectorAll('blockquote[data-secret=\"'+t.secret+'\"]'),o=new RegExp(\"^https?:$\",\"i\"),l=0;l<n.length;l++)n[l].style.display=\"none\";for(l=0;l<i.length;l++)if(r=i[l],e.source!==r.contentWindow);else{if(r.removeAttribute(\"style\"),\"height\"===t.message){if(1e3<(s=parseInt(t.value,10)))s=1e3;else if(~~s<200)s=200;r.height=s}if(\"link\"===t.message)if(s=d.createElement(\"a\"),a=d.createElement(\"a\"),s.href=r.getAttribute(\"src\"),a.href=t.value,!o.test(a.protocol));else if(a.host===s.host)if(d.activeElement===r)c.top.location.href=t.value}}},e)c.addEventListener(\"message\",c.wp.receiveEmbedMessage,!1),d.addEventListener(\"DOMContentLoaded\",t,!1),c.addEventListener(\"load\",t,!1);function t(){if(o);else{o=!0;for(var e,t,r,s=-1!==navigator.appVersion.indexOf(\"MSIE 10\"),a=!!navigator.userAgent.match(\/Trident.*rv:11\\.\/),i=d.querySelectorAll(\"iframe.wp-embedded-content\"),n=0;n<i.length;n++){if(!(r=(t=i[n]).getAttribute(\"data-secret\")))r=Math.random().toString(36).substr(2,10),t.src+=\"#?secret=\"+r,t.setAttribute(\"data-secret\",r);if(s||a)(e=t.cloneNode(!0)).removeAttribute(\"security\"),t.parentNode.replaceChild(e,t);t.contentWindow.postMessage({message:\"ready\",secret:r},\"*\")}}}}(window,document);\n<\/script>\n","thumbnail_url":"https:\/\/locoxelrojo.com\/independiente\/wp-content\/uploads\/2017\/01\/H\u00e9ctor-Maldonado.jpg","thumbnail_width":741,"thumbnail_height":486,"description":"El secretario general de Independiente, H\u00e9ctor Maldonado, afirm\u00f3 que el presidente del Rojo se presentar\u00e1 en las pr\u00f3ximas elecciones en busca de su segundo mandato consecutivo. En declaraciones con\u00a0Radio La Red, Yoyo\u00a0confirm\u00f3 qui\u00e9n liderar\u00e1 la lista de Agrupaci\u00f3n Independiente para los pr\u00f3ximos comicios a realizarse a fin de a\u00f1o. &#8220;Hugo Moyano va por la reelecci\u00f3n&#8221;, [&hellip;]"}