{"version":"1.0","provider_name":"LocoXelRojo.com | Club Atl\u00e9tico Independiente","provider_url":"https:\/\/www.locoxelrojo.com\/independiente","title":"Es oficial: contra V\u00e9lez, sin p\u00fablico - LocoXelRojo.com | Club Atl\u00e9tico Independiente","type":"rich","width":600,"height":338,"html":"<blockquote class=\"wp-embedded-content\" data-secret=\"EpK0MOLgEe\"><a href=\"https:\/\/www.locoxelrojo.com\/independiente\/2020\/03\/12\/es-oficial-contra-velez-sin-publico\/\">Es oficial: contra V\u00e9lez, sin p\u00fablico<\/a><\/blockquote><iframe sandbox=\"allow-scripts\" security=\"restricted\" src=\"https:\/\/www.locoxelrojo.com\/independiente\/2020\/03\/12\/es-oficial-contra-velez-sin-publico\/embed\/#?secret=EpK0MOLgEe\" width=\"600\" height=\"338\" title=\"&#8220;Es oficial: contra V\u00e9lez, sin p\u00fablico&#8221; &#8212; LocoXelRojo.com | Club Atl\u00e9tico Independiente\" data-secret=\"EpK0MOLgEe\" frameborder=\"0\" marginwidth=\"0\" marginheight=\"0\" scrolling=\"no\" class=\"wp-embedded-content\"><\/iframe><script type=\"text\/javascript\">\n\/*! This file is auto-generated *\/\n!function(c,d){\"use strict\";var e=!1,o=!1;if(d.querySelector)if(c.addEventListener)e=!0;if(c.wp=c.wp||{},c.wp.receiveEmbedMessage);else if(c.wp.receiveEmbedMessage=function(e){var t=e.data;if(!t);else if(!(t.secret||t.message||t.value));else if(\/[^a-zA-Z0-9]\/.test(t.secret));else{for(var r,s,a,i=d.querySelectorAll('iframe[data-secret=\"'+t.secret+'\"]'),n=d.querySelectorAll('blockquote[data-secret=\"'+t.secret+'\"]'),o=new RegExp(\"^https?:$\",\"i\"),l=0;l<n.length;l++)n[l].style.display=\"none\";for(l=0;l<i.length;l++)if(r=i[l],e.source!==r.contentWindow);else{if(r.removeAttribute(\"style\"),\"height\"===t.message){if(1e3<(s=parseInt(t.value,10)))s=1e3;else if(~~s<200)s=200;r.height=s}if(\"link\"===t.message)if(s=d.createElement(\"a\"),a=d.createElement(\"a\"),s.href=r.getAttribute(\"src\"),a.href=t.value,!o.test(a.protocol));else if(a.host===s.host)if(d.activeElement===r)c.top.location.href=t.value}}},e)c.addEventListener(\"message\",c.wp.receiveEmbedMessage,!1),d.addEventListener(\"DOMContentLoaded\",t,!1),c.addEventListener(\"load\",t,!1);function t(){if(o);else{o=!0;for(var e,t,r,s=-1!==navigator.appVersion.indexOf(\"MSIE 10\"),a=!!navigator.userAgent.match(\/Trident.*rv:11\\.\/),i=d.querySelectorAll(\"iframe.wp-embedded-content\"),n=0;n<i.length;n++){if(!(r=(t=i[n]).getAttribute(\"data-secret\")))r=Math.random().toString(36).substr(2,10),t.src+=\"#?secret=\"+r,t.setAttribute(\"data-secret\",r);if(s||a)(e=t.cloneNode(!0)).removeAttribute(\"security\"),t.parentNode.replaceChild(e,t);t.contentWindow.postMessage({message:\"ready\",secret:r},\"*\")}}}}(window,document);\n<\/script>\n","thumbnail_url":"https:\/\/locoxelrojo.com\/independiente\/wp-content\/uploads\/2020\/03\/estadio-libertadores-de-am\u00e9rica-soleado-e1584038051828.jpg","thumbnail_width":1945,"thumbnail_height":1133,"description":"El encuentro que disputar\u00e1n el pr\u00f3ximo s\u00e1bado Independiente y V\u00e9lez Sarsfield, por la primera fecha de la Copa de la Superliga, se jugar\u00e1 sin p\u00fablico como medida de prevenci\u00f3n ante el brote de Coronavirus. Este jueves el Ministro de Turismo y Deportes de la Naci\u00f3n, Mat\u00edas Lammens, envi\u00f3 una carta a las autoridades de la [&hellip;]"}