{"version":"1.0","provider_name":"LocoXelRojo.com | Club Atl\u00e9tico Independiente","provider_url":"https:\/\/www.locoxelrojo.com\/independiente","title":"\u00a1El Rojo tiene el fixture para la Copa! - LocoXelRojo.com | Club Atl\u00e9tico Independiente","type":"rich","width":600,"height":338,"html":"<blockquote class=\"wp-embedded-content\" data-secret=\"khJEmnw1RQ\"><a href=\"https:\/\/www.locoxelrojo.com\/independiente\/2020\/10\/16\/el-rojo-tiene-el-fixture-para-la-copa\/\">\u00a1El Rojo tiene el fixture para la Copa!<\/a><\/blockquote><iframe sandbox=\"allow-scripts\" security=\"restricted\" src=\"https:\/\/www.locoxelrojo.com\/independiente\/2020\/10\/16\/el-rojo-tiene-el-fixture-para-la-copa\/embed\/#?secret=khJEmnw1RQ\" width=\"600\" height=\"338\" title=\"&#8220;\u00a1El Rojo tiene el fixture para la Copa!&#8221; &#8212; LocoXelRojo.com | Club Atl\u00e9tico Independiente\" data-secret=\"khJEmnw1RQ\" frameborder=\"0\" marginwidth=\"0\" marginheight=\"0\" scrolling=\"no\" class=\"wp-embedded-content\"><\/iframe><script type=\"text\/javascript\">\n\/*! This file is auto-generated *\/\n!function(c,d){\"use strict\";var e=!1,o=!1;if(d.querySelector)if(c.addEventListener)e=!0;if(c.wp=c.wp||{},c.wp.receiveEmbedMessage);else if(c.wp.receiveEmbedMessage=function(e){var t=e.data;if(!t);else if(!(t.secret||t.message||t.value));else if(\/[^a-zA-Z0-9]\/.test(t.secret));else{for(var r,s,a,i=d.querySelectorAll('iframe[data-secret=\"'+t.secret+'\"]'),n=d.querySelectorAll('blockquote[data-secret=\"'+t.secret+'\"]'),o=new RegExp(\"^https?:$\",\"i\"),l=0;l<n.length;l++)n[l].style.display=\"none\";for(l=0;l<i.length;l++)if(r=i[l],e.source!==r.contentWindow);else{if(r.removeAttribute(\"style\"),\"height\"===t.message){if(1e3<(s=parseInt(t.value,10)))s=1e3;else if(~~s<200)s=200;r.height=s}if(\"link\"===t.message)if(s=d.createElement(\"a\"),a=d.createElement(\"a\"),s.href=r.getAttribute(\"src\"),a.href=t.value,!o.test(a.protocol));else if(a.host===s.host)if(d.activeElement===r)c.top.location.href=t.value}}},e)c.addEventListener(\"message\",c.wp.receiveEmbedMessage,!1),d.addEventListener(\"DOMContentLoaded\",t,!1),c.addEventListener(\"load\",t,!1);function t(){if(o);else{o=!0;for(var e,t,r,s=-1!==navigator.appVersion.indexOf(\"MSIE 10\"),a=!!navigator.userAgent.match(\/Trident.*rv:11\\.\/),i=d.querySelectorAll(\"iframe.wp-embedded-content\"),n=0;n<i.length;n++){if(!(r=(t=i[n]).getAttribute(\"data-secret\")))r=Math.random().toString(36).substr(2,10),t.src+=\"#?secret=\"+r,t.setAttribute(\"data-secret\",r);if(s||a)(e=t.cloneNode(!0)).removeAttribute(\"security\"),t.parentNode.replaceChild(e,t);t.contentWindow.postMessage({message:\"ready\",secret:r},\"*\")}}}}(window,document);\n<\/script>\n","thumbnail_url":"https:\/\/locoxelrojo.com\/independiente\/wp-content\/uploads\/2020\/03\/independiente-velez-2020.jpg","thumbnail_width":862,"thumbnail_height":485,"description":"Luego de realizarse el sorteo que determin\u00f3 los tres integrantes que compartir\u00e1n la zona con Independiente se dieron a conocer las seis fechas de la fase inicial, que comenzar\u00e1 el 30 de octubre. El equipo de Lucas Pusineri debutar\u00e1 en el nuevo certamen contra Central C\u00f3rdoba en Santiago del Estero. Posteriormente recibir\u00e1 a Col\u00f3n en [&hellip;]"}